{"id":2,"date":"2025-11-04T21:04:37","date_gmt":"2025-11-04T21:04:37","guid":{"rendered":"https:\/\/wordpress.luzerner-transporte.ch\/?page_id=2"},"modified":"2026-02-25T10:17:41","modified_gmt":"2026-02-25T10:17:41","slug":"sample-page","status":"publish","type":"page","link":"https:\/\/wordpress.luzerner-taxi.ch\/en\/sample-page\/","title":{"rendered":"Sample Page"},"content":{"rendered":"<div class=\"wp-block-group alignfull is-style-section-2 has-global-padding is-layout-constrained wp-block-group-is-layout-constrained is-style-section-2--1\" style=\"margin-top:0;margin-bottom:0;padding-top:var(--wp--preset--spacing--60);padding-bottom:var(--wp--preset--spacing--60)\">\n<div class=\"wp-block-columns alignwide is-layout-flex wp-container-core-columns-is-layout-633b684a wp-block-columns-is-layout-flex\">\n<div class=\"wp-block-column is-layout-flow wp-block-column-is-layout-flow\" style=\"flex-basis:40%\">\n<figure class=\"wp-block-image size-large\"><img decoding=\"async\" src=\"https:\/\/wordpress.luzerner-taxi.ch\/wp-content\/themes\/twentytwentyfive\/assets\/images\/hero-podcast.webp\" alt=\"Picture of a person\"\/><\/figure>\n<\/div>\n\n\n\n<div class=\"wp-block-column is-vertically-aligned-center is-layout-flow wp-container-core-column-is-layout-0c22cdd7 wp-block-column-is-layout-flow\" style=\"flex-basis:60%\">\n<h2 class=\"wp-block-heading has-xx-large-font-size\">The Stories Podcast<\/h2>\n\n\n\n<p class=\"wp-block-paragraph\">Storytelling, expert analysis, and vivid descriptions. The Stories Podcast brings history to life, making it accessible and engaging for a global audience.<\/p>\n\n\n\n<div class=\"wp-block-group is-vertical is-layout-flex wp-container-core-group-is-layout-3514bdf6 wp-block-group-is-layout-flex\">\n<h3 class=\"wp-block-heading has-small-font-size\" style=\"font-style:normal;font-weight:600;letter-spacing:1px;text-transform:uppercase\">Subscribe on your favorite platform<\/h3>\n\n\n\n<div class=\"wp-block-group is-layout-flex wp-block-group-is-layout-flex\">\n<p class=\"is-style-text-annotation is-style-text-annotation--2 wp-block-paragraph\"><a href=\"#\">YouTube<\/a><\/p>\n\n\n\n<p class=\"is-style-text-annotation is-style-text-annotation--3 wp-block-paragraph\"><a href=\"#\">Apple Podcasts<\/a><\/p>\n\n\n\n<p class=\"is-style-text-annotation is-style-text-annotation--4 wp-block-paragraph\"><a href=\"#\">Spotify<\/a><\/p>\n\n\n\n<p class=\"is-style-text-annotation is-style-text-annotation--5 wp-block-paragraph\"><a href=\"#\">Pocket Casts<\/a><\/p>\n\n\n\n<p class=\"is-style-text-annotation is-style-text-annotation--6 wp-block-paragraph\"><a href=\"#\">RSS<\/a><\/p>\n<\/div>\n<\/div>\n<\/div>\n<\/div>\n<\/div>\n\n\n\n<div class=\"wp-block-group alignfull is-style-section-5 has-global-padding is-layout-constrained wp-block-group-is-layout-constrained is-style-section-5--7\" style=\"margin-top:0;margin-bottom:0;padding-top:var(--wp--preset--spacing--50);padding-bottom:var(--wp--preset--spacing--50)\">\n<div class=\"wp-block-columns alignwide is-layout-flex wp-container-core-columns-is-layout-ca2dd60b wp-block-columns-is-layout-flex\">\n<div class=\"wp-block-column is-vertically-aligned-center is-layout-flow wp-block-column-is-layout-flow\" style=\"flex-basis:50%\">\n<h2 class=\"wp-block-heading\">\n\t\t\t\tAbout the event\t\t\t<\/h2>\n\n\n\n<p class=\"has-medium-font-size wp-block-paragraph\">Held over a weekend, the event is structured around a series of exhibitions, workshops, and panel discussions. The exhibitions showcase a curated selection of photographs that tell compelling stories from various corners of the globe, each image accompanied by detailed narratives that provide context and deeper insight into the historical significance of the scenes depicted. These photographs are drawn from the archives of renowned photographers, as well as emerging talents, ensuring a blend of both classical and contemporary perspectives.<\/p>\n<\/div>\n\n\n\n<div class=\"wp-block-column is-vertically-aligned-center is-layout-flow wp-block-column-is-layout-flow\" style=\"flex-basis:50%\">\n<figure class=\"wp-block-image size-full\"><img decoding=\"async\" src=\"https:\/\/wordpress.luzerner-taxi.ch\/wp-content\/themes\/twentytwentyfive\/assets\/images\/ruins-image.webp\" alt=\"Cliff Palace, Colorado\" style=\"aspect-ratio:1;object-fit:cover\"\/><\/figure>\n<\/div>\n<\/div>\n<\/div>\n\n\n\n<div class=\"wp-block-group alignfull is-style-section-1 has-global-padding is-layout-constrained wp-block-group-is-layout-constrained is-style-section-1--8\" style=\"margin-top:0;margin-bottom:0;padding-top:var(--wp--preset--spacing--80);padding-bottom:var(--wp--preset--spacing--80)\">\n<h2 class=\"wp-block-heading has-text-align-center\">The Stories Podcast is sponsored by<\/h2>\n\n\n\n<div style=\"height:var(--wp--preset--spacing--30)\" aria-hidden=\"true\" class=\"wp-block-spacer\"><\/div>\n\n\n\n<div class=\"wp-block-group alignwide is-content-justification-center is-layout-flex wp-container-core-group-is-layout-c2ac6810 wp-block-group-is-layout-flex\">\n\n\n\n\n\n\n\n<\/div>\n<\/div>\n\n\n\n<div class=\"wp-block-group alignfull has-global-padding is-layout-constrained wp-container-core-group-is-layout-4bb49aaa wp-block-group-is-layout-constrained\" style=\"margin-top:0;margin-bottom:0;padding-top:var(--wp--preset--spacing--50);padding-bottom:var(--wp--preset--spacing--50)\">\n<div class=\"wp-block-group alignwide is-content-justification-space-between is-layout-flex wp-container-core-group-is-layout-13b221f0 wp-block-group-is-layout-flex\">\n<h2 class=\"wp-block-heading alignwide has-text-align-left is-style-text-subtitle has-x-large-font-size is-style-text-subtitle--9\">Explore the episodes<\/h2>\n\n\n\n<p class=\"is-style-text-annotation is-style-text-annotation--10 wp-block-paragraph\">Podcast<\/p>\n<\/div>\n\n\n\n<div class=\"wp-block-group alignwide is-layout-grid wp-container-core-group-is-layout-faa3c2b2 wp-block-group-is-layout-grid\">\n<figure class=\"wp-block-video\"><\/figure>\n\n\n\n<figure class=\"wp-block-video\"><\/figure>\n\n\n\n<figure class=\"wp-block-video\"><\/figure>\n\n\n\n<figure class=\"wp-block-video\"><\/figure>\n\n\n\n<figure class=\"wp-block-video\"><\/figure>\n\n\n\n<figure class=\"wp-block-video\"><\/figure>\n<\/div>\n<\/div>\n\n\n\n<aside class=\"wp-block-group alignfull is-style-section-3 has-global-padding is-layout-constrained wp-container-core-group-is-layout-0553457c wp-block-group-is-layout-constrained is-style-section-3--11\" style=\"margin-top:0;margin-bottom:0;padding-top:var(--wp--preset--spacing--50);padding-right:var(--wp--preset--spacing--50);padding-bottom:var(--wp--preset--spacing--50);padding-left:var(--wp--preset--spacing--50)\">\n<div class=\"wp-block-group is-vertical is-content-justification-center is-layout-flex wp-container-core-group-is-layout-65db5ff9 wp-block-group-is-layout-flex\" style=\"min-height:360px;margin-top:0;margin-bottom:0\">\n<h2 class=\"wp-block-heading has-text-align-center has-xx-large-font-size\">Sign up to get daily stories<\/h2>\n\n\n\n<p class=\"has-text-align-center is-style-text-subtitle is-style-text-subtitle--12 wp-block-paragraph\">Get access to a curated collection of moments in time featuring photographs from historical relevance.<\/p>\n\n\n\n<div style=\"height:0px\" aria-hidden=\"true\" class=\"wp-block-spacer wp-container-content-62aae154\"><\/div>\n\n\n\n<div class=\"wp-block-buttons is-content-justification-center is-layout-flex wp-container-core-buttons-is-layout-35f06ea7 wp-block-buttons-is-layout-flex\">\n<div class=\"wp-block-button\"><a class=\"wp-block-button__link has-text-align-center wp-element-button\">Subscribe<\/a><\/div>\n<\/div>\n<\/div>\n<\/aside>","protected":false},"excerpt":{"rendered":"<p>The Stories Podcast Storytelling, expert analysis, and vivid descriptions. The Stories Podcast brings history to life, making it accessible and engaging for a global audience. Subscribe on your favorite platform YouTube Apple Podcasts Spotify Pocket Casts RSS About the event Held over a weekend, the event is structured around a series of exhibitions, workshops, and [&hellip;]<\/p>\n","protected":false},"author":1,"featured_media":0,"parent":0,"menu_order":0,"comment_status":"closed","ping_status":"open","template":"","meta":{"_acf_changed":false,"_yoast_wpseo_title":"Luzerner Taxi","_yoast_wpseo_metadesc":"Luzerner Taxi sample page for landing pages","rank_math_title":"","rank_math_description":"","footnotes":""},"class_list":["post-2","page","type-page","status-publish","hentry"],"acf":{"flexible_content":[{"acf_fc_layout":"hero","title":"Flughafentransfers ab Luzern: P\u00fcnktlich, Komfortabel, zum Festpreis","subtitle":"","background_image":73,"button_text":"","button_link":""},{"acf_fc_layout":"services_with_book","heading":"Flughafentransfers ab Luzern: Z\u00fcrich, Basel und Genf","intro":"Ob Fr\u00fchflug oder sp\u00e4te Ankunft, unsere Flughafentransfers bringen Sie p\u00fcnktlich und entspannt zum Terminal. Wir sind rund um die Uhr erreichbar, wir verfolgen Ihren Flug und empfangen Sie auf Wunsch mit Meet and Greet. Sie erhalten feste Preise, zuverl\u00e4ssige Fahrer und passende Fahrzeuge f\u00fcr Einzelreisende, Familien und Gruppen.\r\n","services":[{"title":"Luzern zum Flughafen Z\u00fcrich","description":"Schneller und komfortabler Transfer zum wichtigsten Hub der Schweiz. Flugtracking ist inklusive. Abholung an Ihrer Adresse oder im Hotel.\r\n","destination":"Z\u00fcrich","image":30},{"title":"Luzern zum EuroAirport Basel","description":"Direkte und bequeme Fahrt zum EuroAirport. Geeignet f\u00fcr Gesch\u00e4ftsreisen und Ferienfl\u00fcge. P\u00fcnktlich, sicher und transparent bepreist.","destination":"Basel","image":52},{"title":"Luzern zum Flughafen Genf","description":"Entspannte Anreise mit klar ausgewiesenem Festpreis. Diskreter Chauffeurservice und flexible Wartezeit bei Versp\u00e4tungen.","destination":"Genf","image":25}]},{"acf_fc_layout":"steps_grid","heading":"So buchen Sie Ihren Flughafentransfer","description":"<span style=\"font-weight: 400;\">Der Ablauf ist einfach. Kontakt aufnehmen, Daten best\u00e4tigen, Best\u00e4tigung erhalten und entspannt fahren.<\/span>","steps":[{"label":"Kontakt aufnehmen","icon":{"type":"dashicons","value":"dashicons-admin-customizer"},"description":"Rufen Sie an oder schreiben Sie per WhatsApp oder Formular."},{"label":"Details angeben","icon":{"type":"","value":""},"description":" Datum, Uhrzeit, Adresse, Personen und Gep\u00e4ck mitteilen."},{"label":" Festpreis und Best\u00e4tigung","icon":{"type":"","value":""},"description":" Wir pr\u00fcfen alles und senden Festpreis, Abholzeit und Treffpunkt."},{"label":"Abholung und Fahrt","icon":{"type":"","value":""},"description":" Fahrer ist p\u00fcnktlich vor Ort. Meet and Greet ist m\u00f6glich."}]},{"acf_fc_layout":"checklist_with_cta","heading":"Vorteile und Services f\u00fcr Ihren Flughafentransfer","items":[{"title":"Flugtracking in Echtzeit"},{"title":"Meet and Greet am Terminal"},{"title":"Feste und transparente Preise"},{"title":"Rund um die Uhr verf\u00fcgbar"}],"description":"Der richtige Service entscheidet \u00fcber eine entspannte Anreise. Diese Leistungen sind bei uns standard.","description_2":"Transfers zu jeder Tageszeit. Kindersitze auf Anfrage.\r\n\r\nW\u00e4hlen Sie aus Limousine, Kombi oder Van. Unsere Fahrer sind lokal erfahren, h\u00f6flich und zuverl\u00e4ssig. Zahlung per Karte oder Rechnung ist m\u00f6glich. Gesch\u00e4ftsreisende erhalten auf Wunsch eine monatliche Abrechnung.\r\n","icon":{"type":"dashicons","value":"dashicons-admin-home"},"show_book_button":true,"button_text":"Test"},{"acf_fc_layout":"home_services","title":"Flughafentransfers f\u00fcr jede Situation","description":"W\u00e4hlen Sie die Option, die zu Ihrer Reise passt.","services":[{"label":"Fr\u00fchfl\u00fcge und Nachtabholungen","description":"P\u00fcnktliche Abfahrten zu sehr fr\u00fchen oder sp\u00e4ten Zeiten. Ruhige Fahrt und verl\u00e4ssliche Planung.","icon":{"type":"dashicons","value":"dashicons-admin-generic"},"link":""},{"label":"Reisen mit Kindern","description":"Abholung vor der Haust\u00fcr. Kindersitze auf Anfrage. Genug Platz f\u00fcr Buggy und Gep\u00e4ck.","icon":{"type":"","value":""},"link":""}]},{"acf_fc_layout":"home_faq","title":"Wo treffe ich den Fahrer am Flughafen?","description":"Wo treffe ich den Fahrer am Flughafen?","items":[{"title":"Wo treffe ich den Fahrer am Flughafen?","description":"Am vereinbarten Treffpunkt in der Ankunftshalle nach dem Zoll. Den genauen Ort teilen wir in der Best\u00e4tigung mit. Meet and Greet mit Namensschild ist m\u00f6glich."}]}]},"yoast_head":"<!-- This site is optimized with the Yoast SEO plugin v26.3 - https:\/\/yoast.com\/wordpress\/plugins\/seo\/ -->\n<title>Luzerner Taxi<\/title>\n<meta name=\"description\" content=\"Luzerner Taxi sample page for landing pages\" \/>\n<meta name=\"robots\" content=\"noindex, follow, max-snippet:-1, max-image-preview:large, max-video-preview:-1\" \/>\n<meta property=\"og:locale\" content=\"en_US\" \/>\n<meta property=\"og:type\" content=\"article\" \/>\n<meta property=\"og:title\" content=\"Luzerner Taxi\" \/>\n<meta property=\"og:description\" content=\"Luzerner Taxi sample page for landing pages\" \/>\n<meta property=\"og:url\" content=\"https:\/\/wordpress.luzerner-taxi.ch\/en\/sample-page\/\" \/>\n<meta property=\"og:site_name\" content=\"Luzerner Transporte\" \/>\n<meta property=\"article:modified_time\" content=\"2026-02-25T10:17:41+00:00\" \/>\n<meta property=\"og:image\" content=\"https:\/\/wordpress.luzerner-taxi.ch\/wp-content\/themes\/twentytwentyfive\/assets\/images\/hero-podcast.webp\" \/>\n<meta name=\"twitter:card\" content=\"summary_large_image\" \/>\n<meta name=\"twitter:label1\" content=\"Est. reading time\" \/>\n\t<meta name=\"twitter:data1\" content=\"3 minutes\" \/>\n<script type=\"application\/ld+json\" class=\"yoast-schema-graph\">{\"@context\":\"https:\/\/schema.org\",\"@graph\":[{\"@type\":\"WebPage\",\"@id\":\"https:\/\/wordpress.luzerner-taxi.ch\/sample-page\/\",\"url\":\"https:\/\/wordpress.luzerner-taxi.ch\/sample-page\/\",\"name\":\"Luzerner Taxi\",\"isPartOf\":{\"@id\":\"https:\/\/wordpress.luzerner-taxi.ch\/#website\"},\"primaryImageOfPage\":{\"@id\":\"https:\/\/wordpress.luzerner-taxi.ch\/sample-page\/#primaryimage\"},\"image\":{\"@id\":\"https:\/\/wordpress.luzerner-taxi.ch\/sample-page\/#primaryimage\"},\"thumbnailUrl\":\"https:\/\/wordpress.luzerner-taxi.ch\/wp-content\/themes\/twentytwentyfive\/assets\/images\/hero-podcast.webp\",\"datePublished\":\"2025-11-04T21:04:37+00:00\",\"dateModified\":\"2026-02-25T10:17:41+00:00\",\"description\":\"Luzerner Taxi sample page for landing pages\",\"breadcrumb\":{\"@id\":\"https:\/\/wordpress.luzerner-taxi.ch\/sample-page\/#breadcrumb\"},\"inLanguage\":\"en-US\",\"potentialAction\":[{\"@type\":\"ReadAction\",\"target\":[\"https:\/\/wordpress.luzerner-taxi.ch\/sample-page\/\"]}]},{\"@type\":\"ImageObject\",\"inLanguage\":\"en-US\",\"@id\":\"https:\/\/wordpress.luzerner-taxi.ch\/sample-page\/#primaryimage\",\"url\":\"https:\/\/wordpress.luzerner-taxi.ch\/wp-content\/themes\/twentytwentyfive\/assets\/images\/hero-podcast.webp\",\"contentUrl\":\"https:\/\/wordpress.luzerner-taxi.ch\/wp-content\/themes\/twentytwentyfive\/assets\/images\/hero-podcast.webp\"},{\"@type\":\"BreadcrumbList\",\"@id\":\"https:\/\/wordpress.luzerner-taxi.ch\/sample-page\/#breadcrumb\",\"itemListElement\":[{\"@type\":\"ListItem\",\"position\":1,\"name\":\"Home\",\"item\":\"https:\/\/wordpress.luzerner-taxi.ch\/\"},{\"@type\":\"ListItem\",\"position\":2,\"name\":\"Sample Page\"}]},{\"@type\":\"WebSite\",\"@id\":\"https:\/\/wordpress.luzerner-taxi.ch\/#website\",\"url\":\"https:\/\/wordpress.luzerner-taxi.ch\/\",\"name\":\"Luzerner Transporte\",\"description\":\"\",\"potentialAction\":[{\"@type\":\"SearchAction\",\"target\":{\"@type\":\"EntryPoint\",\"urlTemplate\":\"https:\/\/wordpress.luzerner-taxi.ch\/?s={search_term_string}\"},\"query-input\":{\"@type\":\"PropertyValueSpecification\",\"valueRequired\":true,\"valueName\":\"search_term_string\"}}],\"inLanguage\":\"en-US\"}]}<\/script>\n<!-- \/ Yoast SEO plugin. -->","yoast_head_json":{"title":"Luzerner Taxi","description":"Luzerner Taxi sample page for landing pages","robots":{"index":"noindex","follow":"follow","max-snippet":"max-snippet:-1","max-image-preview":"max-image-preview:large","max-video-preview":"max-video-preview:-1"},"og_locale":"en_US","og_type":"article","og_title":"Luzerner Taxi","og_description":"Luzerner Taxi sample page for landing pages","og_url":"https:\/\/wordpress.luzerner-taxi.ch\/en\/sample-page\/","og_site_name":"Luzerner Transporte","article_modified_time":"2026-02-25T10:17:41+00:00","og_image":[{"url":"https:\/\/wordpress.luzerner-taxi.ch\/wp-content\/themes\/twentytwentyfive\/assets\/images\/hero-podcast.webp","type":"","width":"","height":""}],"twitter_card":"summary_large_image","twitter_misc":{"Est. reading time":"3 minutes"},"schema":{"@context":"https:\/\/schema.org","@graph":[{"@type":"WebPage","@id":"https:\/\/wordpress.luzerner-taxi.ch\/sample-page\/","url":"https:\/\/wordpress.luzerner-taxi.ch\/sample-page\/","name":"Luzerner Taxi","isPartOf":{"@id":"https:\/\/wordpress.luzerner-taxi.ch\/#website"},"primaryImageOfPage":{"@id":"https:\/\/wordpress.luzerner-taxi.ch\/sample-page\/#primaryimage"},"image":{"@id":"https:\/\/wordpress.luzerner-taxi.ch\/sample-page\/#primaryimage"},"thumbnailUrl":"https:\/\/wordpress.luzerner-taxi.ch\/wp-content\/themes\/twentytwentyfive\/assets\/images\/hero-podcast.webp","datePublished":"2025-11-04T21:04:37+00:00","dateModified":"2026-02-25T10:17:41+00:00","description":"Luzerner Taxi sample page for landing pages","breadcrumb":{"@id":"https:\/\/wordpress.luzerner-taxi.ch\/sample-page\/#breadcrumb"},"inLanguage":"en-US","potentialAction":[{"@type":"ReadAction","target":["https:\/\/wordpress.luzerner-taxi.ch\/sample-page\/"]}]},{"@type":"ImageObject","inLanguage":"en-US","@id":"https:\/\/wordpress.luzerner-taxi.ch\/sample-page\/#primaryimage","url":"https:\/\/wordpress.luzerner-taxi.ch\/wp-content\/themes\/twentytwentyfive\/assets\/images\/hero-podcast.webp","contentUrl":"https:\/\/wordpress.luzerner-taxi.ch\/wp-content\/themes\/twentytwentyfive\/assets\/images\/hero-podcast.webp"},{"@type":"BreadcrumbList","@id":"https:\/\/wordpress.luzerner-taxi.ch\/sample-page\/#breadcrumb","itemListElement":[{"@type":"ListItem","position":1,"name":"Home","item":"https:\/\/wordpress.luzerner-taxi.ch\/"},{"@type":"ListItem","position":2,"name":"Sample Page"}]},{"@type":"WebSite","@id":"https:\/\/wordpress.luzerner-taxi.ch\/#website","url":"https:\/\/wordpress.luzerner-taxi.ch\/","name":"Luzerner Transporte","description":"","potentialAction":[{"@type":"SearchAction","target":{"@type":"EntryPoint","urlTemplate":"https:\/\/wordpress.luzerner-taxi.ch\/?s={search_term_string}"},"query-input":{"@type":"PropertyValueSpecification","valueRequired":true,"valueName":"search_term_string"}}],"inLanguage":"en-US"}]}},"_links":{"self":[{"href":"https:\/\/wordpress.luzerner-taxi.ch\/en\/wp-json\/wp\/v2\/pages\/2","targetHints":{"allow":["GET"]}}],"collection":[{"href":"https:\/\/wordpress.luzerner-taxi.ch\/en\/wp-json\/wp\/v2\/pages"}],"about":[{"href":"https:\/\/wordpress.luzerner-taxi.ch\/en\/wp-json\/wp\/v2\/types\/page"}],"author":[{"embeddable":true,"href":"https:\/\/wordpress.luzerner-taxi.ch\/en\/wp-json\/wp\/v2\/users\/1"}],"replies":[{"embeddable":true,"href":"https:\/\/wordpress.luzerner-taxi.ch\/en\/wp-json\/wp\/v2\/comments?post=2"}],"version-history":[{"count":30,"href":"https:\/\/wordpress.luzerner-taxi.ch\/en\/wp-json\/wp\/v2\/pages\/2\/revisions"}],"predecessor-version":[{"id":207,"href":"https:\/\/wordpress.luzerner-taxi.ch\/en\/wp-json\/wp\/v2\/pages\/2\/revisions\/207"}],"wp:attachment":[{"href":"https:\/\/wordpress.luzerner-taxi.ch\/en\/wp-json\/wp\/v2\/media?parent=2"}],"curies":[{"name":"wp","href":"https:\/\/api.w.org\/{rel}","templated":true}]}}